{"id":12,"date":"2019-09-23T10:11:20","date_gmt":"2019-09-23T10:11:20","guid":{"rendered":"http:\/\/renlundens.se\/?page_id=12"},"modified":"2019-09-23T10:27:28","modified_gmt":"2019-09-23T10:27:28","slug":"om-oss","status":"publish","type":"page","link":"https:\/\/renlundens.se\/","title":{"rendered":"Om oss"},"content":{"rendered":"\n<figure class=\"wp-block-image\"><img loading=\"lazy\" width=\"1024\" height=\"683\" src=\"http:\/\/renlundens.se\/wp-content\/uploads\/2019\/09\/hund-1024x683.jpeg\" alt=\"\" class=\"wp-image-21\" srcset=\"https:\/\/renlundens.se\/wp-content\/uploads\/2019\/09\/hund-1024x683.jpeg 1024w, https:\/\/renlundens.se\/wp-content\/uploads\/2019\/09\/hund-300x200.jpeg 300w, https:\/\/renlundens.se\/wp-content\/uploads\/2019\/09\/hund-768x513.jpeg 768w, https:\/\/renlundens.se\/wp-content\/uploads\/2019\/09\/hund.jpeg 1500w\" sizes=\"(max-width: 1024px) 100vw, 1024px\" \/><\/figure>\n\n\n\n<table class=\"wp-block-table\"><tbody><tr><td>Jag, Catrin, \u00e4r journalist och webbreporter p\u00e5 v\u00e5r lokala dagstidning Pite\u00e5-Tidningen (eller \u201dPaltbladet\u201d som den \u00e4ven kallas). V\u00e5r f\u00f6rsta lapphund kom 1984 och v\u00e5r f\u00f6rsta kull 1990. Jag har under \u00e5ren varit mycket engagerad inom Svenska lapphundklubben.<br><br>Som redakt\u00f6r f\u00f6r tidningen Lapphunden till och fr\u00e5n sedan 1988 till 2006. P\u00e5 80-talet var jag ledamot f\u00f6r \u00d6vre Norra distriktet. Har varit aktiv i rasens avelskommitt\u00e9 i sex \u00e5r, mycket intressant arbete! Har ocks\u00e5 varit en av de drivande att f\u00e5 fram en \u00c5rsbok f\u00f6r redovisning av statistik f\u00f6r rasen d\u00e4r vi \u00e4ven gjort egna <a href=\"https:\/\/www.tsreklam.se\/kategori\/klader-med-tryck\/trojor-med-tryck\/\">tr\u00f6jor med tryck<\/a>. I 6-7 \u00e5r har jag arbetat i Lapphundklubbens centralstyrelse som ledamot och sekreterare. Just nu har jag sagt ifr\u00e5n mig alla uppdrag f\u00f6r att f\u00e5 tid till annat.<br>Mannen i huset, Mikael, \u00e4r m\u00e5lare och tycker om hundarna mycket \u00e4ven om inte \u201dhunderiet\u201d \u00e4r lika intressant som att sk\u00f6ta g\u00e5rden, familjen, skotern och traktorn!<br>V\u00e5ra tv\u00e5 ton\u00e5rspojkar Robert 17 och Jonas 16 tycker om hundarna men sitter hellre vid datorn.<\/td><\/tr><tr><td><strong>S\u00c5 SK\u00d6TER VI V\u00c5RA HUNDAR<\/strong><br>Vi har bara 2-3 hundar, vilket g\u00f6r att vi kan ha v\u00e5ra hundar med oss inne hela tiden. Hundarna \u00e4r v\u00e4ldigt s\u00e4llan i hundg\u00e5rden, det h\u00e4nder n\u00e4r vi jobbar samtidigt dagtid eller n\u00e4r vi inte kan ha dem med oss om vi ska bort n\u00e5gonstans en stund. Vi har inh\u00e4gnat hela tomten med g\u00e4rsg\u00e5rd och h\u00f6nsn\u00e4t.<br><br>Vi \u00e4r noga med att v\u00e5ra hundar skall ha ett bra liv. Varje dag g\u00e5r vi en 45-minuters skogspromenad utan koppel. Hundarna har roligt i skogen och f\u00e5r r\u00f6ra alla muskler.<br>Vi har ocks\u00e5 b\u00f6rjat jobba med viltsp\u00e5r, n\u00e5got rasen \u00e4r mycket duktig p\u00e5. V\u00e5ra hundar \u00e4r sociala och trevliga och umg\u00e5s med folk som kommer hit.<br>V\u00e5ra valpkullar f\u00f6ds och bor f\u00f6rsta tv\u00e5 veckorna enskilt med sin mamma i ett rum p\u00e5 \u00f6verv\u00e5ningen. N\u00e4r de blivit tv\u00e5 veckor, \u00f6ppnat \u00f6gonen och ska b\u00f6rja uppt\u00e4cka v\u00e4rlden flyttas de i en st\u00f6rre l\u00e5da i vardagsrummet i ungef\u00e4r tv\u00e5 veckor, lite mer spring av folk men inte f\u00f6r mycket. Sedan vid ungef\u00e4r fyra veckor \u00e4r det dags att flytta in i k\u00f6ket d\u00e4r vi g\u00f6r en stor hage av kompostgaller mitt p\u00e5 golvet d\u00e4r valparna h\u00e4rjar hela dagarna. Sommartid f\u00e5r de vistas ute i en stor rasthage d\u00e5 och d\u00e5 n\u00e4r v\u00e4dret till\u00e5ter.<\/td><\/tr><\/tbody><\/table>\n","protected":false},"excerpt":{"rendered":"<p>Jag, Catrin, \u00e4r journalist och webbreporter p\u00e5 v\u00e5r lokala dagstidning Pite\u00e5-Tidningen (eller \u201dPaltbladet\u201d som den \u00e4ven kallas). V\u00e5r f\u00f6rsta lapphund kom 1984 och v\u00e5r&#8230;<\/p>\n","protected":false},"author":1,"featured_media":0,"parent":0,"menu_order":0,"comment_status":"closed","ping_status":"closed","template":"","meta":[],"_links":{"self":[{"href":"https:\/\/renlundens.se\/index.php?rest_route=\/wp\/v2\/pages\/12"}],"collection":[{"href":"https:\/\/renlundens.se\/index.php?rest_route=\/wp\/v2\/pages"}],"about":[{"href":"https:\/\/renlundens.se\/index.php?rest_route=\/wp\/v2\/types\/page"}],"author":[{"embeddable":true,"href":"https:\/\/renlundens.se\/index.php?rest_route=\/wp\/v2\/users\/1"}],"replies":[{"embeddable":true,"href":"https:\/\/renlundens.se\/index.php?rest_route=%2Fwp%2Fv2%2Fcomments&post=12"}],"version-history":[{"count":3,"href":"https:\/\/renlundens.se\/index.php?rest_route=\/wp\/v2\/pages\/12\/revisions"}],"predecessor-version":[{"id":23,"href":"https:\/\/renlundens.se\/index.php?rest_route=\/wp\/v2\/pages\/12\/revisions\/23"}],"wp:attachment":[{"href":"https:\/\/renlundens.se\/index.php?rest_route=%2Fwp%2Fv2%2Fmedia&parent=12"}],"curies":[{"name":"wp","href":"https:\/\/api.w.org\/{rel}","templated":true}]}}